{"id":3104,"date":"2024-05-08T14:07:47","date_gmt":"2024-05-08T14:07:47","guid":{"rendered":"https:\/\/www.gilm.pt\/7diascomosmedia\/?page_id=3104"},"modified":"2025-05-06T23:03:58","modified_gmt":"2025-05-06T23:03:58","slug":"home","status":"publish","type":"page","link":"https:\/\/www.gilm.pt\/7diascomosmedia\/home\/","title":{"rendered":"Home"},"content":{"rendered":"\t\t<div data-elementor-type=\"wp-page\" data-elementor-id=\"3104\" class=\"elementor elementor-3104\" data-elementor-settings=\"{&quot;ha_cmc_init_switcher&quot;:&quot;no&quot;}\" data-elementor-post-type=\"page\">\n\t\t\t\t<div class=\"has_eae_slider elementor-element elementor-element-9e1a3b7 e-con-full e-flex jltma-glass-effect-no e-con e-parent\" data-eae-slider=\"81320\" data-particle_enable=\"false\" data-particle-mobile-disabled=\"false\" data-id=\"9e1a3b7\" data-element_type=\"container\" data-e-type=\"container\" data-settings=\"{&quot;background_background&quot;:&quot;classic&quot;,&quot;_ha_eqh_enable&quot;:false}\">\n\t\t<div class=\"has_eae_slider elementor-element elementor-element-8f73ee5 e-con-full e-flex jltma-glass-effect-no e-con e-child\" data-eae-slider=\"51315\" data-particle_enable=\"false\" data-particle-mobile-disabled=\"false\" data-id=\"8f73ee5\" data-element_type=\"container\" data-e-type=\"container\" data-settings=\"{&quot;_ha_eqh_enable&quot;:false}\">\n\t\t\t\t<div class=\"elementor-element elementor-element-9239552 jltma-glass-effect-no elementor-widget elementor-widget-image\" data-id=\"9239552\" data-element_type=\"widget\" data-e-type=\"widget\" data-widget_type=\"image.default\">\n\t\t\t\t<div class=\"elementor-widget-container\">\n\t\t\t\t\t\t\t\t\t\t\t\t\t\t\t<img fetchpriority=\"high\" decoding=\"async\" width=\"2000\" height=\"600\" src=\"https:\/\/www.gilm.pt\/7diascomosmedia\/wp-content\/uploads\/2024\/10\/GILM_evento__2000x600.jpg\" class=\"attachment-2048x2048 size-2048x2048 wp-image-3722\" alt=\"\" srcset=\"https:\/\/www.gilm.pt\/7diascomosmedia\/wp-content\/uploads\/2024\/10\/GILM_evento__2000x600.jpg 2000w, https:\/\/www.gilm.pt\/7diascomosmedia\/wp-content\/uploads\/2024\/10\/GILM_evento__2000x600-300x90.jpg 300w, https:\/\/www.gilm.pt\/7diascomosmedia\/wp-content\/uploads\/2024\/10\/GILM_evento__2000x600-1024x307.jpg 1024w, https:\/\/www.gilm.pt\/7diascomosmedia\/wp-content\/uploads\/2024\/10\/GILM_evento__2000x600-768x230.jpg 768w, https:\/\/www.gilm.pt\/7diascomosmedia\/wp-content\/uploads\/2024\/10\/GILM_evento__2000x600-1536x461.jpg 1536w\" sizes=\"(max-width: 2000px) 100vw, 2000px\" \/>\t\t\t\t\t\t\t\t\t\t\t\t\t\t\t<\/div>\n\t\t\t\t<\/div>\n\t\t\t\t<\/div>\n\t\t\t\t<\/div>\n\t\t<div class=\"has_eae_slider elementor-element elementor-element-593c3ed e-flex e-con-boxed jltma-glass-effect-no e-con e-parent\" data-eae-slider=\"62729\" data-particle_enable=\"false\" data-particle-mobile-disabled=\"false\" data-id=\"593c3ed\" data-element_type=\"container\" data-e-type=\"container\" data-settings=\"{&quot;background_background&quot;:&quot;classic&quot;,&quot;_ha_eqh_enable&quot;:false}\">\n\t\t\t\t\t<div class=\"e-con-inner\">\n\t\t<div class=\"has_eae_slider elementor-element elementor-element-1f71bf8 e-flex e-con-boxed jltma-glass-effect-no e-con e-child\" data-eae-slider=\"70255\" data-particle_enable=\"false\" data-particle-mobile-disabled=\"false\" data-id=\"1f71bf8\" data-element_type=\"container\" data-e-type=\"container\" data-settings=\"{&quot;_ha_eqh_enable&quot;:false}\">\n\t\t\t\t\t<div class=\"e-con-inner\">\n\t\t\t\t<div class=\"elementor-element elementor-element-1a989d2 jltma-glass-effect-no elementor-widget elementor-widget-text-editor\" data-id=\"1a989d2\" data-element_type=\"widget\" data-e-type=\"widget\" data-widget_type=\"text-editor.default\">\n\t\t\t\t<div class=\"elementor-widget-container\">\n\t\t\t\t\t\t\t\t\t<p>#7diascomosmedia<\/p>\t\t\t\t\t\t\t\t<\/div>\n\t\t\t\t<\/div>\n\t\t\t\t<div class=\"elementor-element elementor-element-9ccd74d jltma-glass-effect-no elementor-widget elementor-widget-text-editor\" data-id=\"9ccd74d\" data-element_type=\"widget\" data-e-type=\"widget\" data-widget_type=\"text-editor.default\">\n\t\t\t\t<div class=\"elementor-widget-container\">\n\t\t\t\t\t\t\t\t\t<p>#7diascomosmedia2025<\/p>\t\t\t\t\t\t\t\t<\/div>\n\t\t\t\t<\/div>\n\t\t\t\t<div class=\"elementor-element elementor-element-63aba4e jltma-glass-effect-no elementor-widget elementor-widget-text-editor\" data-id=\"63aba4e\" data-element_type=\"widget\" data-e-type=\"widget\" data-widget_type=\"text-editor.default\">\n\t\t\t\t<div class=\"elementor-widget-container\">\n\t\t\t\t\t\t\t\t\t<p>#gilm<\/p>\t\t\t\t\t\t\t\t<\/div>\n\t\t\t\t<\/div>\n\t\t\t\t\t<\/div>\n\t\t\t\t<\/div>\n\t\t\t\t\t<\/div>\n\t\t\t\t<\/div>\n\t\t<div class=\"has_eae_slider elementor-element elementor-element-2fe31c9 e-flex e-con-boxed jltma-glass-effect-no e-con e-parent\" data-eae-slider=\"85161\" data-particle_enable=\"false\" data-particle-mobile-disabled=\"false\" data-id=\"2fe31c9\" data-element_type=\"container\" data-e-type=\"container\" data-settings=\"{&quot;background_background&quot;:&quot;classic&quot;,&quot;_ha_eqh_enable&quot;:false}\">\n\t\t\t\t\t<div class=\"e-con-inner\">\n\t\t<div class=\"has_eae_slider elementor-element elementor-element-e7cc523 e-grid e-con-boxed jltma-glass-effect-no e-con e-child\" data-eae-slider=\"20942\" data-particle_enable=\"false\" data-particle-mobile-disabled=\"false\" data-id=\"e7cc523\" data-element_type=\"container\" data-e-type=\"container\" data-settings=\"{&quot;_ha_eqh_enable&quot;:false}\">\n\t\t\t\t\t<div class=\"e-con-inner\">\n\t\t<div class=\"has_eae_slider elementor-element elementor-element-1c00d13 e-con-full e-flex jltma-glass-effect-no e-con e-child\" data-eae-slider=\"1609\" data-particle_enable=\"false\" data-particle-mobile-disabled=\"false\" data-id=\"1c00d13\" data-element_type=\"container\" data-e-type=\"container\" data-settings=\"{&quot;background_background&quot;:&quot;classic&quot;,&quot;_ha_eqh_enable&quot;:false}\">\n\t\t\t\t<div class=\"elementor-element elementor-element-b2ea32c jltma-glass-effect-no elementor-widget elementor-widget-video\" data-id=\"b2ea32c\" data-element_type=\"widget\" data-e-type=\"widget\" data-settings=\"{&quot;youtube_url&quot;:&quot;https:\\\/\\\/youtu.be\\\/T0WBIqFVq_c&quot;,&quot;video_type&quot;:&quot;youtube&quot;,&quot;controls&quot;:&quot;yes&quot;}\" data-widget_type=\"video.default\">\n\t\t\t\t<div class=\"elementor-widget-container\">\n\t\t\t\t\t\t\t<div class=\"elementor-wrapper elementor-open-inline\">\n\t\t\t<div class=\"elementor-video\"><\/div>\t\t<\/div>\n\t\t\t\t\t\t<\/div>\n\t\t\t\t<\/div>\n\t\t\t\t<\/div>\n\t\t<div class=\"has_eae_slider elementor-element elementor-element-0ca8a05 e-con-full e-flex jltma-glass-effect-no e-con e-child\" data-eae-slider=\"34626\" data-particle_enable=\"false\" data-particle-mobile-disabled=\"false\" data-id=\"0ca8a05\" data-element_type=\"container\" data-e-type=\"container\" data-settings=\"{&quot;background_background&quot;:&quot;classic&quot;,&quot;_ha_eqh_enable&quot;:false}\">\n\t\t\t\t<div class=\"elementor-element elementor-element-65ed46f jltma-glass-effect-no elementor-widget elementor-widget-text-editor\" data-id=\"65ed46f\" data-element_type=\"widget\" data-e-type=\"widget\" data-widget_type=\"text-editor.default\">\n\t\t\t\t<div class=\"elementor-widget-container\">\n\t\t\t\t\t\t\t\t\t<p><strong>&#8220;7 DIAS COM OS MEDIA<\/strong>\u201d \u00e9 uma opera\u00e7\u00e3o nacional anual que pretende sensibilizar para o papel e lugar que os media ocupam no quotidiano dos indiv\u00edduos e das sociedades.<br \/>Todos os interessados em participar ter\u00e3o de desenvolver uma iniciativa, individual ou em grupo, que se relacione com o universo dos media; pode ser uma confer\u00eancia ou webinar; os conte\u00fados podem ser texto, v\u00eddeo ou \u00e1udio; poder\u00e3o inspirar-se nas iniciativas registadas das edi\u00e7\u00f5es anteriores ou ser inovador.<br \/><strong>O importante \u00e9 participar!<\/strong><\/p>\t\t\t\t\t\t\t\t<\/div>\n\t\t\t\t<\/div>\n\t\t\t\t<\/div>\n\t\t\t\t\t<\/div>\n\t\t\t\t<\/div>\n\t\t<div class=\"has_eae_slider elementor-element elementor-element-7855abb e-flex e-con-boxed jltma-glass-effect-no e-con e-child\" data-eae-slider=\"19561\" data-particle_enable=\"false\" data-particle-mobile-disabled=\"false\" data-id=\"7855abb\" data-element_type=\"container\" data-e-type=\"container\" data-settings=\"{&quot;background_background&quot;:&quot;classic&quot;,&quot;_ha_eqh_enable&quot;:false}\">\n\t\t\t\t\t<div class=\"e-con-inner\">\n\t\t\t\t<div class=\"elementor-element elementor-element-89a65a1 elementor-widget-divider--view-line jltma-glass-effect-no elementor-widget elementor-widget-divider\" data-id=\"89a65a1\" data-element_type=\"widget\" data-e-type=\"widget\" data-widget_type=\"divider.default\">\n\t\t\t\t<div class=\"elementor-widget-container\">\n\t\t\t\t\t\t\t<div class=\"elementor-divider\">\n\t\t\t<span class=\"elementor-divider-separator\">\n\t\t\t\t\t\t<\/span>\n\t\t<\/div>\n\t\t\t\t\t\t<\/div>\n\t\t\t\t<\/div>\n\t\t\t\t<div class=\"elementor-element elementor-element-d630277 elementor-widget__width-initial jltma-glass-effect-no elementor-widget elementor-widget-heading\" data-id=\"d630277\" data-element_type=\"widget\" data-e-type=\"widget\" data-widget_type=\"heading.default\">\n\t\t\t\t<div class=\"elementor-widget-container\">\n\t\t\t\t\t<h6 class=\"elementor-heading-title elementor-size-default\">Apresenta\u00e7\u00e3o da Opera\u00e7\u00e3o 7 Dias com os&nbsp;Media 2025<\/h6>\t\t\t\t<\/div>\n\t\t\t\t<\/div>\n\t\t\t\t<div class=\"elementor-element elementor-element-bf3523d jltma-glass-effect-no elementor-widget elementor-widget-text-editor\" data-id=\"bf3523d\" data-element_type=\"widget\" data-e-type=\"widget\" data-widget_type=\"text-editor.default\">\n\t\t\t\t<div class=\"elementor-widget-container\">\n\t\t\t\t\t\t\t\t\t<p><b>\u201cIA, Eu Penso!\u201d<\/b><span style=\"font-weight: 400;\"> \u00e9 o mote da 13.\u00aa edi\u00e7\u00e3o da Opera\u00e7\u00e3o 7 Dias com os Media, que decorrer\u00e1 de 3 a 9 de maio de 2025. Esta iniciativa, promovida pelo <\/span><a href=\"https:\/\/www.gilm.pt\/quem-somos\/\"><span style=\"font-weight: 400;\">Grupo Informal sobre Literacia Medi\u00e1tica (GILM)<\/span><\/a><span style=\"font-weight: 400;\">, convida a participar ativamente atrav\u00e9s do desenvolvimento de iniciativas e conte\u00fados e do seu registo no <\/span><a href=\"https:\/\/www.gilm.pt\/7diascomosmedia\/\"><span style=\"font-weight: 400;\">site da Opera\u00e7\u00e3o<\/span><\/a><span style=\"font-weight: 400;\">. Esperam-se contributos para o aprofundamento do debate em torno de dois eixos cruciais para os <\/span><i><span style=\"font-weight: 400;\">media<\/span><\/i><span style=\"font-weight: 400;\">: a<\/span><b> Intelig\u00eancia Artificial (IA) e o Pensamento Cr\u00edtico<\/b><span style=\"font-weight: 400;\">.<\/span><\/p><p><span style=\"font-weight: 400;\">A IA est\u00e1 cada vez mais presente nas nossas vidas e na sociedade, influenciando, entre muitos outros aspetos, os conte\u00fados que vemos nas redes sociais e nas pesquisas na internet. O processamento e a an\u00e1lise de dados pela IA permitem avan\u00e7os significativos em v\u00e1rias \u00e1reas do conhecimento. No entanto, essa mesma tecnologia apresenta novos desafios que implicam a utiliza\u00e7\u00e3o do nosso discernimento e sentido cr\u00edtico.<\/span><\/p><p><span style=\"font-weight: 400;\">No contexto atual, o pensamento cr\u00edtico apresenta-se como uma compet\u00eancia indispens\u00e1vel. A IA j\u00e1 consegue gerar conte\u00fados de forma aut\u00f3noma e convincente e torna-se vital garantir que a tecnologia \u00e9 um meio para o progresso humano, e n\u00e3o um fim em si mesma. Para isso,\u00a0 \u00e9 fundamental que todos n\u00f3s desenvolvamos a capacidade de questionar, analisar e refletir criticamente sobre as mensagens que recebemos, produzimos e partilhamos.<\/span><\/p><p><span style=\"font-weight: 400;\">Os <\/span><b>7 Dias com os Media 2025<\/b><span style=\"font-weight: 400;\"> convidam \u00e0 reflex\u00e3o sobre como podemos, coletivamente, assegurar que o avan\u00e7o da IA seja acompanhado por um fortalecimento do pensamento cr\u00edtico, promovendo assim uma sociedade mais informada, equitativa, consciente e livre.<\/span><\/p>\t\t\t\t\t\t\t\t<\/div>\n\t\t\t\t<\/div>\n\t\t\t\t<div class=\"elementor-element elementor-element-acb1d81 jltma-glass-effect-no elementor-widget elementor-widget-n-accordion\" data-id=\"acb1d81\" data-element_type=\"widget\" data-e-type=\"widget\" data-settings=\"{&quot;default_state&quot;:&quot;all_collapsed&quot;,&quot;max_items_expended&quot;:&quot;one&quot;,&quot;n_accordion_animation_duration&quot;:{&quot;unit&quot;:&quot;ms&quot;,&quot;size&quot;:400,&quot;sizes&quot;:[]}}\" data-widget_type=\"nested-accordion.default\">\n\t\t\t\t<div class=\"elementor-widget-container\">\n\t\t\t\t\t\t\t<div class=\"e-n-accordion\" aria-label=\"Accordion. Open links with Enter or Space, close with Escape, and navigate with Arrow Keys\">\n\t\t\t\t\t\t<details id=\"e-n-accordion-item-1810\" class=\"e-n-accordion-item\" >\n\t\t\t\t<summary class=\"e-n-accordion-item-title\" data-accordion-index=\"1\" tabindex=\"0\" aria-expanded=\"false\" aria-controls=\"e-n-accordion-item-1810\" >\n\t\t\t\t\t<span class='e-n-accordion-item-title-header'><div class=\"e-n-accordion-item-title-text\"> T\u00f3picos para refletir sobre o tema de 2025: <\/div><\/span>\n\t\t\t\t\t\t\t<span class='e-n-accordion-item-title-icon'>\n\t\t\t<span class='e-opened' ><svg aria-hidden=\"true\" class=\"e-font-icon-svg e-fas-minus\" viewBox=\"0 0 448 512\" xmlns=\"http:\/\/www.w3.org\/2000\/svg\"><path d=\"M416 208H32c-17.67 0-32 14.33-32 32v32c0 17.67 14.33 32 32 32h384c17.67 0 32-14.33 32-32v-32c0-17.67-14.33-32-32-32z\"><\/path><\/svg><\/span>\n\t\t\t<span class='e-closed'><svg aria-hidden=\"true\" class=\"e-font-icon-svg e-fas-plus\" viewBox=\"0 0 448 512\" xmlns=\"http:\/\/www.w3.org\/2000\/svg\"><path d=\"M416 208H272V64c0-17.67-14.33-32-32-32h-32c-17.67 0-32 14.33-32 32v144H32c-17.67 0-32 14.33-32 32v32c0 17.67 14.33 32 32 32h144v144c0 17.67 14.33 32 32 32h32c17.67 0 32-14.33 32-32V304h144c17.67 0 32-14.33 32-32v-32c0-17.67-14.33-32-32-32z\"><\/path><\/svg><\/span>\n\t\t<\/span>\n\n\t\t\t\t\t\t<\/summary>\n\t\t\t\t<div class=\"has_eae_slider elementor-element elementor-element-6c6049f e-con-full e-flex jltma-glass-effect-no e-con e-child\" data-eae-slider=\"49867\" data-particle_enable=\"false\" data-particle-mobile-disabled=\"false\" role=\"region\" aria-labelledby=\"e-n-accordion-item-1810\" data-id=\"6c6049f\" data-element_type=\"container\" data-e-type=\"container\" data-settings=\"{&quot;_ha_eqh_enable&quot;:false}\">\n\t\t<div class=\"has_eae_slider elementor-element elementor-element-817950b e-flex e-con-boxed jltma-glass-effect-no e-con e-child\" data-eae-slider=\"56766\" data-particle_enable=\"false\" data-particle-mobile-disabled=\"false\" role=\"region\" aria-labelledby=\"e-n-accordion-item-1810\" data-id=\"817950b\" data-element_type=\"container\" data-e-type=\"container\" data-settings=\"{&quot;_ha_eqh_enable&quot;:false}\">\n\t\t\t\t\t<div class=\"e-con-inner\">\n\t\t\t\t<div class=\"elementor-element elementor-element-7f45580 jltma-glass-effect-no elementor-widget elementor-widget-text-editor\" data-id=\"7f45580\" data-element_type=\"widget\" data-e-type=\"widget\" data-widget_type=\"text-editor.default\">\n\t\t\t\t<div class=\"elementor-widget-container\">\n\t\t\t\t\t\t\t\t\t<ul><li style=\"font-weight: 400;\" aria-level=\"1\"><span style=\"font-weight: 400;\">Pensamento cr\u00edtico na era digital<\/span><\/li><li style=\"font-weight: 400;\" aria-level=\"1\"><i><span style=\"font-weight: 400;\">Media<\/span><\/i><span style=\"font-weight: 400;\">, criatividade humana e IA generativa<\/span><\/li><li style=\"font-weight: 400;\" aria-level=\"1\"><span style=\"font-weight: 400;\">Impactos da IA para o ambiente e sustentabilidade<\/span><\/li><li style=\"font-weight: 400;\" aria-level=\"1\"><span style=\"font-weight: 400;\">\u00c9tica e responsabilidade na utiliza\u00e7\u00e3o da IA<\/span><\/li><li style=\"font-weight: 400;\" aria-level=\"1\"><span style=\"font-weight: 400;\">Desafios da desinforma\u00e7\u00e3o gerada por IA<\/span><\/li><li style=\"font-weight: 400;\" aria-level=\"1\"><span style=\"font-weight: 400;\">Impacto da IA na democracia e na liberdade de express\u00e3o<\/span><\/li><li style=\"font-weight: 400;\" aria-level=\"1\"><span style=\"font-weight: 400;\">IA: riscos e oportunidades para equidade e acessibilidade\u00a0<\/span><\/li><li style=\"font-weight: 400;\" aria-level=\"1\"><span style=\"font-weight: 400;\">Futuro do jornalismo e da informa\u00e7\u00e3o perante os avan\u00e7os da IA<\/span><\/li><li style=\"font-weight: 400;\" aria-level=\"1\"><span style=\"font-weight: 400;\">Papel da regula\u00e7\u00e3o na prote\u00e7\u00e3o dos direitos individuais face \u00e0 IA<\/span><\/li><li style=\"font-weight: 400;\" aria-level=\"1\"><span style=\"font-weight: 400;\">(Ciber)seguran\u00e7a, criptografia e IA<\/span><\/li><\/ul>\t\t\t\t\t\t\t\t<\/div>\n\t\t\t\t<\/div>\n\t\t\t\t\t<\/div>\n\t\t\t\t<\/div>\n\t\t\t\t<\/div>\n\t\t\t\t\t<\/details>\n\t\t\t\t\t<\/div>\n\t\t\t\t\t\t<\/div>\n\t\t\t\t<\/div>\n\t\t\t\t<div class=\"elementor-element elementor-element-1ebf996 jltma-glass-effect-no elementor-widget elementor-widget-text-editor\" data-id=\"1ebf996\" data-element_type=\"widget\" data-e-type=\"widget\" data-widget_type=\"text-editor.default\">\n\t\t\t\t<div class=\"elementor-widget-container\">\n\t\t\t\t\t\t\t\t\t<p><span style=\"font-weight: 400;\">Relembramos que, al\u00e9m\u00a0 da tem\u00e1tica proposta, tamb\u00e9m poder\u00e3o apresentar outras ideias e temas relacionados com a literacia medi\u00e1tica e os diversos tipos de <\/span><i><span style=\"font-weight: 400;\">media<\/span><\/i><span style=\"font-weight: 400;\"> (Imprensa, R\u00e1dio, Televis\u00e3o, Internet, Redes Sociais, Videojogos, entre outros).\u00a0\u00a0<\/span><\/p><p><span style=\"font-weight: 400;\"><span style=\"text-decoration: underline;\"><strong>Esta iniciativa associa-se ao\u00a0<a href=\"https:\/\/www.coe.int\/en\/web\/education\/european-year-of-digital-citizenship-education-2025\" target=\"_blank\" rel=\"noopener\" data-saferedirecturl=\"https:\/\/www.google.com\/url?q=https:\/\/www.coe.int\/en\/web\/education\/european-year-of-digital-citizenship-education-2025&amp;source=gmail&amp;ust=1732789981026000&amp;usg=AOvVaw0mIBJMGLKNpxlV3bSsuT4A\">Ano Europeu da Educa\u00e7\u00e3o para a Cidadania Digital 2025<\/a>, promovido pelo Conselho da Europa.<\/strong><\/span><br \/><\/span><\/p><p><strong>Preparem-se e venham juntar-se aos 7 dias que j\u00e1 n\u00e3o vivem sem os <em>media<\/em>: vamos aceder, analisar, compreender, criar e participar!<\/strong><\/p><h6><strong>\u00a0<\/strong><\/h6><h6><strong>#7diascomosmedia #7diascomosmedia2025 #gilm #literaciamediatica<\/strong><\/h6>\t\t\t\t\t\t\t\t<\/div>\n\t\t\t\t<\/div>\n\t\t\t\t\t<\/div>\n\t\t\t\t<\/div>\n\t\t\t\t\t<\/div>\n\t\t\t\t<\/div>\n\t\t<div class=\"has_eae_slider elementor-element elementor-element-4bd6f91 e-flex e-con-boxed jltma-glass-effect-no e-con e-parent\" data-eae-slider=\"63922\" data-particle_enable=\"false\" data-particle-mobile-disabled=\"false\" data-id=\"4bd6f91\" data-element_type=\"container\" data-e-type=\"container\" data-settings=\"{&quot;background_background&quot;:&quot;classic&quot;,&quot;_ha_eqh_enable&quot;:false}\">\n\t\t\t\t\t<div class=\"e-con-inner\">\n\t\t\t\t<div class=\"elementor-element elementor-element-0f0db38 jltma-glass-effect-no elementor-widget elementor-widget-heading\" data-id=\"0f0db38\" data-element_type=\"widget\" data-e-type=\"widget\" data-widget_type=\"heading.default\">\n\t\t\t\t<div class=\"elementor-widget-container\">\n\t\t\t\t\t<h2 class=\"elementor-heading-title elementor-size-default\">\u00daltimas Not\u00edcias<\/h2>\t\t\t\t<\/div>\n\t\t\t\t<\/div>\n\t\t\t\t<div class=\"elementor-element elementor-element-01d95bb jltma-navigation-type-arrows jltma-carousel-style-carousel jltma-glass-effect-no elementor-widget elementor-widget-ma-blog-post jltma-addon ma-blog-post\" data-id=\"01d95bb\" data-element_type=\"widget\" data-e-type=\"widget\" data-settings=\"{&quot;ma_el_post_grid_layout&quot;:&quot;grid&quot;,&quot;item_gap&quot;:{&quot;unit&quot;:&quot;px&quot;,&quot;size&quot;:35,&quot;sizes&quot;:[]},&quot;item_gap_tablet&quot;:{&quot;unit&quot;:&quot;px&quot;,&quot;size&quot;:35,&quot;sizes&quot;:[]},&quot;item_gap_mobile&quot;:{&quot;unit&quot;:&quot;px&quot;,&quot;size&quot;:20,&quot;sizes&quot;:[]}}\" data-widget_type=\"ma-blog-post.default\">\n\t\t\t\t<div class=\"elementor-widget-container\">\n\t\t\t\t\t\n\t\t\t\t\t\t\t\t\t\t\t<div class=\"jltma-blog\">\n\n\t\t\t\t\t\t\t\n\t\t\t\t\t\t\t<div class=\"jltma-blog-wrapper jltma-blog-grid jltma-row\">\n\n\t\t\t\t\t\t\t\t\n\t\t\t\t\t\t<div class=\"jltma-post-outer-container jltma-col-4\">\n\t\t\t\t\n\t\t\t\t<div class=\"jltma-blog-post jltma-default-post                cards\">\n\n\t\t\t\t\t\n\t\t\t\t\t\t\t\n\t\t\t\t\t\t\t\t\n\t\t\t\t\t\t\t\t\t\n\t\t\t\t\t\t\t\t\t\t\n\t\t\t\t\t\t\t\t\t\t\t<div >\n\t\t\t\t\t\t\t<div\n\t\t\t\t\t\t\t\tclass=\"jltma-post-thumbnail jltma-img-none jltma-img-shape-none\">\n\t\t\t\t\t\t\t\t<a href=\"https:\/\/www.gilm.pt\/7diascomosmedia\/webinar-de-divulgacao-da-tematica-dos-7-dias-com-os-media-2025-ia-eu-penso-para-a-area-da-educacao\/\" target=\"_self\">\n\t\t\t\t\t\t\t\t\t<img decoding=\"async\" width=\"800\" height=\"266\" src=\"https:\/\/www.gilm.pt\/7diascomosmedia\/wp-content\/uploads\/2025\/04\/GILM_evento__Banner-Email-800x265-1.jpg\" class=\"attachment-full size-full wp-post-image\" alt=\"\" srcset=\"https:\/\/www.gilm.pt\/7diascomosmedia\/wp-content\/uploads\/2025\/04\/GILM_evento__Banner-Email-800x265-1.jpg 800w, https:\/\/www.gilm.pt\/7diascomosmedia\/wp-content\/uploads\/2025\/04\/GILM_evento__Banner-Email-800x265-1-300x100.jpg 300w, https:\/\/www.gilm.pt\/7diascomosmedia\/wp-content\/uploads\/2025\/04\/GILM_evento__Banner-Email-800x265-1-768x255.jpg 768w\" sizes=\"(max-width: 800px) 100vw, 800px\" \/>\t\t\t\t\t\t\t\t<\/a>\n\t\t\t\t\t\t\t\t\t\t\t\t\t\t\t<\/div>\n\t\t\t\t\t\t<\/div>\n\t\t\t\t\t\n\t\t\t\t\n\t\t\t\t\t\t\t\t\t\t<div\n\t\t\t\t\t\t\t\t\t\t\tclass=\"jltma-blog-effect-container jltma-blog-none-effect\">\n\t\t\t\t\t\t\t\t\t\t\t<a class=\"jltma-post-link\" href=\"https:\/\/www.gilm.pt\/7diascomosmedia\/webinar-de-divulgacao-da-tematica-dos-7-dias-com-os-media-2025-ia-eu-penso-para-a-area-da-educacao\/\"\n\t\t\t\t\t\t\t\t\t\t\t\ttarget=\"_self\"><\/a>\n\t\t\t\t\t\t\t\t\t\t\t\t\t\t\t\t\t\t\t\t\t<\/div>\n\n\t\t\t\t\t\t\t\t\t\t\n\t\t\t\t\t\t\t\t\t\n\t\t\t\t\t\t\t\t\t\n\t\t\t\t\t\t\t\t\t\n\t\t\t\t\t\t\t\t\t\t\n\t\t\t\t\t\t\t\t\t\t\t\n\t\t\t\t\t\t\t\t\t\t\t\t<div class=\"jltma-post-content \">\n\n\t\t\t\t\t\t\t\t\t\t\t\t\t<div class=\"jltma-blog-inner-container\">\n\n\t\t\t\t\t\t\t\t\t\t\t\t\t\t\n\t\t\t\t\t\t\t\t\t\t\t\t\t\t<div class=\"jltma-blog-entry-container\">\n\t\t\t\t\t\t\t\t\t\t\t\t\t\t\t\n\t\t\t<h2 class=\"jltma-entry-title\">\n\t\t\t\t<a href=\"https:\/\/www.gilm.pt\/7diascomosmedia\/webinar-de-divulgacao-da-tematica-dos-7-dias-com-os-media-2025-ia-eu-penso-para-a-area-da-educacao\/\" target=\"_self\">Webinar de divulga\u00e7\u00e3o da tem\u00e1tica dos 7 dias com os Media 2025 &#8211;\u00a0\u201cIA, eu penso?\u201d &#8211; para a \u00e1rea da educa\u00e7\u00e3o<\/a>\n\t\t\t<\/h2>\n\n\t\t\t\t\t\t\t\t\t\t\t\t\t\t\t\t<\/div>\n\t\t\t\t\t\t\t\t\t\t\t\t\t<\/div>\n\n\t\t\t\t\t\t\t\t\t\t\t\t\t\n\t\t\t\t\t\t\t\t\t\t\t\t\t\t\t<div class=\"jltma-blog-post-content-wrap\" style=\"margin-left:0px;\">\n\t\t\t\t\t<\/div>\n\t\t\n\t\t\t<div class=\"jltma-post-entry-meta\" style=\"margin-left:0px\">\n\n\t\t\t\t\n\t\t\t\t\t\t\t\t\t<span class=\"jltma-post-date\">\n\t\t\t\t\t\t\t\t\t\t\t\t\t<i class=\"fa fa-calendar fa-fw\"><\/i>\n\t\t\t\t\t\t\n\t\t\t\t\t\t\t\t\t\t\t\t\t<a href=\"https:\/\/www.gilm.pt\/7diascomosmedia\/webinar-de-divulgacao-da-tematica-dos-7-dias-com-os-media-2025-ia-eu-penso-para-a-area-da-educacao\/\"\n\t\t\t\t\t\t\t\ttarget=\"_self\">2 de Novembro, 2024<\/a>\n\t\t\t\t\t\t\t\t\t\t\t<\/span>\n\t\t\t\t\n\t\t\t\t\n\t\t\t\t\n\t\t\t<\/div>\n\n\t\t\t\n\t\t\t\t\t\t\t\t\t\t\t\t\t\t\t\t\t\t\t\t\t\t\t\t\t<\/div>\n\n\t\t\t\t\t\t\t\t\t\t\t\t\n\t\t\t\t\t\t\t\t\t\t\t\n\t\t\t\t\t\t\t\t\t\n\t\t\t\t\t\t<\/div>\n\t\t\t\t\t<\/div>\n\n\t\t\t\t\n\t\t\t\t\t\t<div class=\"jltma-post-outer-container jltma-col-4\">\n\t\t\t\t\n\t\t\t\t<div class=\"jltma-blog-post jltma-default-post                cards\">\n\n\t\t\t\t\t\n\t\t\t\t\t\t\t\n\t\t\t\t\t\t\t\t\n\t\t\t\t\t\t\t\t\t\n\t\t\t\t\t\t\t\t\t\t\n\t\t\t\t\t\t\t\t\t\t\t<div >\n\t\t\t\t\t\t\t<div\n\t\t\t\t\t\t\t\tclass=\"jltma-post-thumbnail jltma-img-none jltma-img-shape-none\">\n\t\t\t\t\t\t\t\t<a href=\"https:\/\/www.gilm.pt\/7diascomosmedia\/7-dias-com-os-media-2025-webinar-para-a-area-da-educacao-ja-disponivel\/\" target=\"_self\">\n\t\t\t\t\t\t\t\t\t<img decoding=\"async\" width=\"2000\" height=\"600\" src=\"https:\/\/www.gilm.pt\/7diascomosmedia\/wp-content\/uploads\/2025\/04\/GILM_evento__2000x600.jpg\" class=\"attachment-full size-full wp-post-image\" alt=\"\" srcset=\"https:\/\/www.gilm.pt\/7diascomosmedia\/wp-content\/uploads\/2025\/04\/GILM_evento__2000x600.jpg 2000w, https:\/\/www.gilm.pt\/7diascomosmedia\/wp-content\/uploads\/2025\/04\/GILM_evento__2000x600-300x90.jpg 300w, https:\/\/www.gilm.pt\/7diascomosmedia\/wp-content\/uploads\/2025\/04\/GILM_evento__2000x600-1024x307.jpg 1024w, https:\/\/www.gilm.pt\/7diascomosmedia\/wp-content\/uploads\/2025\/04\/GILM_evento__2000x600-768x230.jpg 768w, https:\/\/www.gilm.pt\/7diascomosmedia\/wp-content\/uploads\/2025\/04\/GILM_evento__2000x600-1536x461.jpg 1536w\" sizes=\"(max-width: 2000px) 100vw, 2000px\" \/>\t\t\t\t\t\t\t\t<\/a>\n\t\t\t\t\t\t\t\t\t\t\t\t\t\t\t<\/div>\n\t\t\t\t\t\t<\/div>\n\t\t\t\t\t\n\t\t\t\t\n\t\t\t\t\t\t\t\t\t\t<div\n\t\t\t\t\t\t\t\t\t\t\tclass=\"jltma-blog-effect-container jltma-blog-none-effect\">\n\t\t\t\t\t\t\t\t\t\t\t<a class=\"jltma-post-link\" href=\"https:\/\/www.gilm.pt\/7diascomosmedia\/7-dias-com-os-media-2025-webinar-para-a-area-da-educacao-ja-disponivel\/\"\n\t\t\t\t\t\t\t\t\t\t\t\ttarget=\"_self\"><\/a>\n\t\t\t\t\t\t\t\t\t\t\t\t\t\t\t\t\t\t\t\t\t<\/div>\n\n\t\t\t\t\t\t\t\t\t\t\n\t\t\t\t\t\t\t\t\t\n\t\t\t\t\t\t\t\t\t\n\t\t\t\t\t\t\t\t\t\n\t\t\t\t\t\t\t\t\t\t\n\t\t\t\t\t\t\t\t\t\t\t\n\t\t\t\t\t\t\t\t\t\t\t\t<div class=\"jltma-post-content \">\n\n\t\t\t\t\t\t\t\t\t\t\t\t\t<div class=\"jltma-blog-inner-container\">\n\n\t\t\t\t\t\t\t\t\t\t\t\t\t\t\n\t\t\t\t\t\t\t\t\t\t\t\t\t\t<div class=\"jltma-blog-entry-container\">\n\t\t\t\t\t\t\t\t\t\t\t\t\t\t\t\n\t\t\t<h2 class=\"jltma-entry-title jltma-entry-title\">\n\t\t\t\t<a href=\"https:\/\/www.gilm.pt\/7diascomosmedia\/7-dias-com-os-media-2025-webinar-para-a-area-da-educacao-ja-disponivel\/\" target=\"_self\">7 Dias com os Media 2025 : Webinar para a \u00e1rea da educa\u00e7\u00e3o j\u00e1 dispon\u00edvel<\/a>\n\t\t\t<\/h2>\n\n\t\t\t\t\t\t\t\t\t\t\t\t\t\t\t\t<\/div>\n\t\t\t\t\t\t\t\t\t\t\t\t\t<\/div>\n\n\t\t\t\t\t\t\t\t\t\t\t\t\t\n\t\t\t\t\t\t\t\t\t\t\t\t\t\t\t<div class=\"jltma-blog-post-content-wrap\" style=\"margin-left:0px;\">\n\t\t\t\t\t<\/div>\n\t\t\n\t\t\t<div class=\"jltma-post-entry-meta\" style=\"margin-left:0px\">\n\n\t\t\t\t\n\t\t\t\t\t\t\t\t\t<span class=\"jltma-post-date\">\n\t\t\t\t\t\t\t\t\t\t\t\t\t<i class=\"fa fa-calendar fa-fw\"><\/i>\n\t\t\t\t\t\t\n\t\t\t\t\t\t\t\t\t\t\t\t\t<a href=\"https:\/\/www.gilm.pt\/7diascomosmedia\/7-dias-com-os-media-2025-webinar-para-a-area-da-educacao-ja-disponivel\/\"\n\t\t\t\t\t\t\t\ttarget=\"_self\">12 de Novembro, 2024<\/a>\n\t\t\t\t\t\t\t\t\t\t\t<\/span>\n\t\t\t\t\n\t\t\t\t\n\t\t\t\t\n\t\t\t<\/div>\n\n\t\t\t\n\t\t\t\t\t\t\t\t\t\t\t\t\t\t\t\t\t\t\t\t\t\t\t\t\t<\/div>\n\n\t\t\t\t\t\t\t\t\t\t\t\t\n\t\t\t\t\t\t\t\t\t\t\t\n\t\t\t\t\t\t\t\t\t\n\t\t\t\t\t\t<\/div>\n\t\t\t\t\t<\/div>\n\n\t\t\t\t\n\t\t\t\t\t\t<div class=\"jltma-post-outer-container jltma-col-4\">\n\t\t\t\t\n\t\t\t\t<div class=\"jltma-blog-post jltma-default-post                cards\">\n\n\t\t\t\t\t\n\t\t\t\t\t\t\t\n\t\t\t\t\t\t\t\t\n\t\t\t\t\t\t\t\t\t\n\t\t\t\t\t\t\t\t\t\t\n\t\t\t\t\t\t\t\t\t\t\t<div >\n\t\t\t\t\t\t\t<div\n\t\t\t\t\t\t\t\tclass=\"jltma-post-thumbnail jltma-img-none jltma-img-shape-none\">\n\t\t\t\t\t\t\t\t<a href=\"https:\/\/www.gilm.pt\/7diascomosmedia\/7-dias-com-os-media-2025-ia-eu-penso-evento-de-lancamento-a-29-de-janeiro\/\" target=\"_self\">\n\t\t\t\t\t\t\t\t\t<img loading=\"lazy\" decoding=\"async\" width=\"851\" height=\"315\" src=\"https:\/\/www.gilm.pt\/7diascomosmedia\/wp-content\/uploads\/2025\/04\/7DIASCOMOSMEDIA_LANCAMENTO_SAVETHEDATE_HORIZONTAL-2.jpg\" class=\"attachment-full size-full wp-post-image\" alt=\"\" srcset=\"https:\/\/www.gilm.pt\/7diascomosmedia\/wp-content\/uploads\/2025\/04\/7DIASCOMOSMEDIA_LANCAMENTO_SAVETHEDATE_HORIZONTAL-2.jpg 851w, https:\/\/www.gilm.pt\/7diascomosmedia\/wp-content\/uploads\/2025\/04\/7DIASCOMOSMEDIA_LANCAMENTO_SAVETHEDATE_HORIZONTAL-2-300x111.jpg 300w, https:\/\/www.gilm.pt\/7diascomosmedia\/wp-content\/uploads\/2025\/04\/7DIASCOMOSMEDIA_LANCAMENTO_SAVETHEDATE_HORIZONTAL-2-768x284.jpg 768w\" sizes=\"(max-width: 851px) 100vw, 851px\" \/>\t\t\t\t\t\t\t\t<\/a>\n\t\t\t\t\t\t\t\t\t\t\t\t\t\t\t<\/div>\n\t\t\t\t\t\t<\/div>\n\t\t\t\t\t\n\t\t\t\t\n\t\t\t\t\t\t\t\t\t\t<div\n\t\t\t\t\t\t\t\t\t\t\tclass=\"jltma-blog-effect-container jltma-blog-none-effect\">\n\t\t\t\t\t\t\t\t\t\t\t<a class=\"jltma-post-link\" href=\"https:\/\/www.gilm.pt\/7diascomosmedia\/7-dias-com-os-media-2025-ia-eu-penso-evento-de-lancamento-a-29-de-janeiro\/\"\n\t\t\t\t\t\t\t\t\t\t\t\ttarget=\"_self\"><\/a>\n\t\t\t\t\t\t\t\t\t\t\t\t\t\t\t\t\t\t\t\t\t<\/div>\n\n\t\t\t\t\t\t\t\t\t\t\n\t\t\t\t\t\t\t\t\t\n\t\t\t\t\t\t\t\t\t\n\t\t\t\t\t\t\t\t\t\n\t\t\t\t\t\t\t\t\t\t\n\t\t\t\t\t\t\t\t\t\t\t\n\t\t\t\t\t\t\t\t\t\t\t\t<div class=\"jltma-post-content \">\n\n\t\t\t\t\t\t\t\t\t\t\t\t\t<div class=\"jltma-blog-inner-container\">\n\n\t\t\t\t\t\t\t\t\t\t\t\t\t\t\n\t\t\t\t\t\t\t\t\t\t\t\t\t\t<div class=\"jltma-blog-entry-container\">\n\t\t\t\t\t\t\t\t\t\t\t\t\t\t\t\n\t\t\t<h2 class=\"jltma-entry-title jltma-entry-title jltma-entry-title\">\n\t\t\t\t<a href=\"https:\/\/www.gilm.pt\/7diascomosmedia\/7-dias-com-os-media-2025-ia-eu-penso-evento-de-lancamento-a-29-de-janeiro\/\" target=\"_self\">7 Dias com os Media 2025 &#8211; &#8220;IA, eu penso!&#8221; &#8211; Evento de lan\u00e7amento a 29 de janeiro<\/a>\n\t\t\t<\/h2>\n\n\t\t\t\t\t\t\t\t\t\t\t\t\t\t\t\t<\/div>\n\t\t\t\t\t\t\t\t\t\t\t\t\t<\/div>\n\n\t\t\t\t\t\t\t\t\t\t\t\t\t\n\t\t\t\t\t\t\t\t\t\t\t\t\t\t\t<div class=\"jltma-blog-post-content-wrap\" style=\"margin-left:0px;\">\n\t\t\t\t\t<\/div>\n\t\t\n\t\t\t<div class=\"jltma-post-entry-meta\" style=\"margin-left:0px\">\n\n\t\t\t\t\n\t\t\t\t\t\t\t\t\t<span class=\"jltma-post-date\">\n\t\t\t\t\t\t\t\t\t\t\t\t\t<i class=\"fa fa-calendar fa-fw\"><\/i>\n\t\t\t\t\t\t\n\t\t\t\t\t\t\t\t\t\t\t\t\t<a href=\"https:\/\/www.gilm.pt\/7diascomosmedia\/7-dias-com-os-media-2025-ia-eu-penso-evento-de-lancamento-a-29-de-janeiro\/\"\n\t\t\t\t\t\t\t\ttarget=\"_self\">20 de Janeiro, 2025<\/a>\n\t\t\t\t\t\t\t\t\t\t\t<\/span>\n\t\t\t\t\n\t\t\t\t\n\t\t\t\t\n\t\t\t<\/div>\n\n\t\t\t\n\t\t\t\t\t\t\t\t\t\t\t\t\t\t\t\t\t\t\t\t\t\t\t\t\t<\/div>\n\n\t\t\t\t\t\t\t\t\t\t\t\t\n\t\t\t\t\t\t\t\t\t\t\t\n\t\t\t\t\t\t\t\t\t\n\t\t\t\t\t\t<\/div>\n\t\t\t\t\t<\/div>\n\n\t\t\t\t\n\t\t\t\t\t\t<div class=\"jltma-post-outer-container jltma-col-4\">\n\t\t\t\t\n\t\t\t\t<div class=\"jltma-blog-post jltma-default-post                cards\">\n\n\t\t\t\t\t\n\t\t\t\t\t\t\t\n\t\t\t\t\t\t\t\t\n\t\t\t\t\t\t\t\t\t\n\t\t\t\t\t\t\t\t\t\t\n\t\t\t\t\t\t\t\t\t\t\t<div >\n\t\t\t\t\t\t\t<div\n\t\t\t\t\t\t\t\tclass=\"jltma-post-thumbnail jltma-img-none jltma-img-shape-none\">\n\t\t\t\t\t\t\t\t<a href=\"https:\/\/www.gilm.pt\/7diascomosmedia\/27-marco-2025-workshop-para-envolvimento-das-bibliotecas-publicas-na-operacao-7-dias-com-os-media-2025\/\" target=\"_self\">\n\t\t\t\t\t\t\t\t\t<img loading=\"lazy\" decoding=\"async\" width=\"1920\" height=\"480\" src=\"https:\/\/www.gilm.pt\/7diascomosmedia\/wp-content\/uploads\/2025\/04\/7DiasMedia2025_WorkshopBiblPub_PPT.jpg\" class=\"attachment-full size-full wp-post-image\" alt=\"\" srcset=\"https:\/\/www.gilm.pt\/7diascomosmedia\/wp-content\/uploads\/2025\/04\/7DiasMedia2025_WorkshopBiblPub_PPT.jpg 1920w, https:\/\/www.gilm.pt\/7diascomosmedia\/wp-content\/uploads\/2025\/04\/7DiasMedia2025_WorkshopBiblPub_PPT-300x75.jpg 300w, https:\/\/www.gilm.pt\/7diascomosmedia\/wp-content\/uploads\/2025\/04\/7DiasMedia2025_WorkshopBiblPub_PPT-1024x256.jpg 1024w, https:\/\/www.gilm.pt\/7diascomosmedia\/wp-content\/uploads\/2025\/04\/7DiasMedia2025_WorkshopBiblPub_PPT-768x192.jpg 768w, https:\/\/www.gilm.pt\/7diascomosmedia\/wp-content\/uploads\/2025\/04\/7DiasMedia2025_WorkshopBiblPub_PPT-1536x384.jpg 1536w\" sizes=\"(max-width: 1920px) 100vw, 1920px\" \/>\t\t\t\t\t\t\t\t<\/a>\n\t\t\t\t\t\t\t\t\t\t\t\t\t\t\t<\/div>\n\t\t\t\t\t\t<\/div>\n\t\t\t\t\t\n\t\t\t\t\n\t\t\t\t\t\t\t\t\t\t<div\n\t\t\t\t\t\t\t\t\t\t\tclass=\"jltma-blog-effect-container jltma-blog-none-effect\">\n\t\t\t\t\t\t\t\t\t\t\t<a class=\"jltma-post-link\" href=\"https:\/\/www.gilm.pt\/7diascomosmedia\/27-marco-2025-workshop-para-envolvimento-das-bibliotecas-publicas-na-operacao-7-dias-com-os-media-2025\/\"\n\t\t\t\t\t\t\t\t\t\t\t\ttarget=\"_self\"><\/a>\n\t\t\t\t\t\t\t\t\t\t\t\t\t\t\t\t\t\t\t\t\t<\/div>\n\n\t\t\t\t\t\t\t\t\t\t\n\t\t\t\t\t\t\t\t\t\n\t\t\t\t\t\t\t\t\t\n\t\t\t\t\t\t\t\t\t\n\t\t\t\t\t\t\t\t\t\t\n\t\t\t\t\t\t\t\t\t\t\t\n\t\t\t\t\t\t\t\t\t\t\t\t<div class=\"jltma-post-content \">\n\n\t\t\t\t\t\t\t\t\t\t\t\t\t<div class=\"jltma-blog-inner-container\">\n\n\t\t\t\t\t\t\t\t\t\t\t\t\t\t\n\t\t\t\t\t\t\t\t\t\t\t\t\t\t<div class=\"jltma-blog-entry-container\">\n\t\t\t\t\t\t\t\t\t\t\t\t\t\t\t\n\t\t\t<h2 class=\"jltma-entry-title jltma-entry-title jltma-entry-title jltma-entry-title\">\n\t\t\t\t<a href=\"https:\/\/www.gilm.pt\/7diascomosmedia\/27-marco-2025-workshop-para-envolvimento-das-bibliotecas-publicas-na-operacao-7-dias-com-os-media-2025\/\" target=\"_self\">27 Mar\u00e7o 2025 &#8211; Workshop para envolvimento das bibliotecas p\u00fablicas na Opera\u00e7\u00e3o 7 Dias com os Media 2025<\/a>\n\t\t\t<\/h2>\n\n\t\t\t\t\t\t\t\t\t\t\t\t\t\t\t\t<\/div>\n\t\t\t\t\t\t\t\t\t\t\t\t\t<\/div>\n\n\t\t\t\t\t\t\t\t\t\t\t\t\t\n\t\t\t\t\t\t\t\t\t\t\t\t\t\t\t<div class=\"jltma-blog-post-content-wrap\" style=\"margin-left:0px;\">\n\t\t\t\t\t<\/div>\n\t\t\n\t\t\t<div class=\"jltma-post-entry-meta\" style=\"margin-left:0px\">\n\n\t\t\t\t\n\t\t\t\t\t\t\t\t\t<span class=\"jltma-post-date\">\n\t\t\t\t\t\t\t\t\t\t\t\t\t<i class=\"fa fa-calendar fa-fw\"><\/i>\n\t\t\t\t\t\t\n\t\t\t\t\t\t\t\t\t\t\t\t\t<a href=\"https:\/\/www.gilm.pt\/7diascomosmedia\/27-marco-2025-workshop-para-envolvimento-das-bibliotecas-publicas-na-operacao-7-dias-com-os-media-2025\/\"\n\t\t\t\t\t\t\t\ttarget=\"_self\">21 de Mar\u00e7o, 2025<\/a>\n\t\t\t\t\t\t\t\t\t\t\t<\/span>\n\t\t\t\t\n\t\t\t\t\n\t\t\t\t\n\t\t\t<\/div>\n\n\t\t\t\n\t\t\t\t\t\t\t\t\t\t\t\t\t\t\t\t\t\t\t\t\t\t\t\t\t<\/div>\n\n\t\t\t\t\t\t\t\t\t\t\t\t\n\t\t\t\t\t\t\t\t\t\t\t\n\t\t\t\t\t\t\t\t\t\n\t\t\t\t\t\t<\/div>\n\t\t\t\t\t<\/div>\n\n\t\t\t\t\n\t\t\t\t\t\t<div class=\"jltma-post-outer-container jltma-col-4\">\n\t\t\t\t\n\t\t\t\t<div class=\"jltma-blog-post jltma-default-post                cards\">\n\n\t\t\t\t\t\n\t\t\t\t\t\t\t\n\t\t\t\t\t\t\t\t\n\t\t\t\t\t\t\t\t\t\n\t\t\t\t\t\t\t\t\t\t\n\t\t\t\t\t\t\t\t\t\t\t<div >\n\t\t\t\t\t\t\t<div\n\t\t\t\t\t\t\t\tclass=\"jltma-post-thumbnail jltma-img-none jltma-img-shape-none\">\n\t\t\t\t\t\t\t\t<a href=\"https:\/\/www.gilm.pt\/7diascomosmedia\/masterclass-com-alexandre-sayad-inteligencia-artificial-pensamento-critico-e-educacao-para-os-media\/\" target=\"_self\">\n\t\t\t\t\t\t\t\t\t<img loading=\"lazy\" decoding=\"async\" width=\"1920\" height=\"480\" src=\"https:\/\/www.gilm.pt\/7diascomosmedia\/wp-content\/uploads\/2025\/04\/7DiasMedia2025_MasterClassIAEUPENSO-5.jpg\" class=\"attachment-full size-full wp-post-image\" alt=\"\" srcset=\"https:\/\/www.gilm.pt\/7diascomosmedia\/wp-content\/uploads\/2025\/04\/7DiasMedia2025_MasterClassIAEUPENSO-5.jpg 1920w, https:\/\/www.gilm.pt\/7diascomosmedia\/wp-content\/uploads\/2025\/04\/7DiasMedia2025_MasterClassIAEUPENSO-5-300x75.jpg 300w, https:\/\/www.gilm.pt\/7diascomosmedia\/wp-content\/uploads\/2025\/04\/7DiasMedia2025_MasterClassIAEUPENSO-5-1024x256.jpg 1024w, https:\/\/www.gilm.pt\/7diascomosmedia\/wp-content\/uploads\/2025\/04\/7DiasMedia2025_MasterClassIAEUPENSO-5-768x192.jpg 768w, https:\/\/www.gilm.pt\/7diascomosmedia\/wp-content\/uploads\/2025\/04\/7DiasMedia2025_MasterClassIAEUPENSO-5-1536x384.jpg 1536w\" sizes=\"(max-width: 1920px) 100vw, 1920px\" \/>\t\t\t\t\t\t\t\t<\/a>\n\t\t\t\t\t\t\t\t\t\t\t\t\t\t\t<\/div>\n\t\t\t\t\t\t<\/div>\n\t\t\t\t\t\n\t\t\t\t\n\t\t\t\t\t\t\t\t\t\t<div\n\t\t\t\t\t\t\t\t\t\t\tclass=\"jltma-blog-effect-container jltma-blog-none-effect\">\n\t\t\t\t\t\t\t\t\t\t\t<a class=\"jltma-post-link\" href=\"https:\/\/www.gilm.pt\/7diascomosmedia\/masterclass-com-alexandre-sayad-inteligencia-artificial-pensamento-critico-e-educacao-para-os-media\/\"\n\t\t\t\t\t\t\t\t\t\t\t\ttarget=\"_self\"><\/a>\n\t\t\t\t\t\t\t\t\t\t\t\t\t\t\t\t\t\t\t\t\t<\/div>\n\n\t\t\t\t\t\t\t\t\t\t\n\t\t\t\t\t\t\t\t\t\n\t\t\t\t\t\t\t\t\t\n\t\t\t\t\t\t\t\t\t\n\t\t\t\t\t\t\t\t\t\t\n\t\t\t\t\t\t\t\t\t\t\t\n\t\t\t\t\t\t\t\t\t\t\t\t<div class=\"jltma-post-content \">\n\n\t\t\t\t\t\t\t\t\t\t\t\t\t<div class=\"jltma-blog-inner-container\">\n\n\t\t\t\t\t\t\t\t\t\t\t\t\t\t\n\t\t\t\t\t\t\t\t\t\t\t\t\t\t<div class=\"jltma-blog-entry-container\">\n\t\t\t\t\t\t\t\t\t\t\t\t\t\t\t\n\t\t\t<h2 class=\"jltma-entry-title jltma-entry-title jltma-entry-title jltma-entry-title jltma-entry-title\">\n\t\t\t\t<a href=\"https:\/\/www.gilm.pt\/7diascomosmedia\/masterclass-com-alexandre-sayad-inteligencia-artificial-pensamento-critico-e-educacao-para-os-media\/\" target=\"_self\">Masterclass com Alexandre Sayad: Intelig\u00eancia Artificial, Pensamento Cr\u00edtico e Educa\u00e7\u00e3o para os Media<\/a>\n\t\t\t<\/h2>\n\n\t\t\t\t\t\t\t\t\t\t\t\t\t\t\t\t<\/div>\n\t\t\t\t\t\t\t\t\t\t\t\t\t<\/div>\n\n\t\t\t\t\t\t\t\t\t\t\t\t\t\n\t\t\t\t\t\t\t\t\t\t\t\t\t\t\t<div class=\"jltma-blog-post-content-wrap\" style=\"margin-left:0px;\">\n\t\t\t\t\t<\/div>\n\t\t\n\t\t\t<div class=\"jltma-post-entry-meta\" style=\"margin-left:0px\">\n\n\t\t\t\t\n\t\t\t\t\t\t\t\t\t<span class=\"jltma-post-date\">\n\t\t\t\t\t\t\t\t\t\t\t\t\t<i class=\"fa fa-calendar fa-fw\"><\/i>\n\t\t\t\t\t\t\n\t\t\t\t\t\t\t\t\t\t\t\t\t<a href=\"https:\/\/www.gilm.pt\/7diascomosmedia\/masterclass-com-alexandre-sayad-inteligencia-artificial-pensamento-critico-e-educacao-para-os-media\/\"\n\t\t\t\t\t\t\t\ttarget=\"_self\">16 de Abril, 2025<\/a>\n\t\t\t\t\t\t\t\t\t\t\t<\/span>\n\t\t\t\t\n\t\t\t\t\n\t\t\t\t\n\t\t\t<\/div>\n\n\t\t\t\n\t\t\t\t\t\t\t\t\t\t\t\t\t\t\t\t\t\t\t\t\t\t\t\t\t<\/div>\n\n\t\t\t\t\t\t\t\t\t\t\t\t\n\t\t\t\t\t\t\t\t\t\t\t\n\t\t\t\t\t\t\t\t\t\n\t\t\t\t\t\t<\/div>\n\t\t\t\t\t<\/div>\n\n\t\t\t\t\n\t\t\t\t\t\t\t<\/div>\n\n\t\t\t\t\t\t\t\n\t\t\t\t\t<\/div>\n\n\t\t\t\t\t\t\t\t\t<\/div>\n\t\t\t\t<\/div>\n\t\t\t\t<div class=\"elementor-element elementor-element-2c001e6 jltma-glass-effect-no elementor-widget elementor-widget-heading\" data-id=\"2c001e6\" data-element_type=\"widget\" data-e-type=\"widget\" data-widget_type=\"heading.default\">\n\t\t\t\t<div class=\"elementor-widget-container\">\n\t\t\t\t\t<h2 class=\"elementor-heading-title elementor-size-default\">Fique a conhecer os embaixadores da edi\u00e7\u00e3o 2025 -V\u00e3o sendo revelados nos pr\u00f3ximos dias<\/h2>\t\t\t\t<\/div>\n\t\t\t\t<\/div>\n\t\t\t\t<div class=\"elementor-element elementor-element-15eee9a jltma-glass-effect-no elementor-widget elementor-widget-text-editor\" data-id=\"15eee9a\" data-element_type=\"widget\" data-e-type=\"widget\" data-widget_type=\"text-editor.default\">\n\t\t\t\t<div class=\"elementor-widget-container\">\n\t\t\t\t\t\t\t\t\t<p><strong>O GILM agradece a tod@s os que emprestaram a sua voz\/imagem \u00e0 Opera\u00e7\u00e3o 7 Dias com os Media 2025<\/strong><\/p>\t\t\t\t\t\t\t\t<\/div>\n\t\t\t\t<\/div>\n\t\t\t\t<div class=\"elementor-element elementor-element-7ae6b24 elementor-widget-divider--view-line jltma-glass-effect-no elementor-widget elementor-widget-divider\" data-id=\"7ae6b24\" data-element_type=\"widget\" data-e-type=\"widget\" data-widget_type=\"divider.default\">\n\t\t\t\t<div class=\"elementor-widget-container\">\n\t\t\t\t\t\t\t<div class=\"elementor-divider\">\n\t\t\t<span class=\"elementor-divider-separator\">\n\t\t\t\t\t\t<\/span>\n\t\t<\/div>\n\t\t\t\t\t\t<\/div>\n\t\t\t\t<\/div>\n\t\t\t\t<div class=\"elementor-element elementor-element-a67682d jltma-glass-effect-no elementor-widget elementor-widget-text-editor\" data-id=\"a67682d\" data-element_type=\"widget\" data-e-type=\"widget\" data-widget_type=\"text-editor.default\">\n\t\t\t\t<div class=\"elementor-widget-container\">\n\t\t\t\t\t\t\t\t\t<p><span class=\"ui-provider a b c d e f g h i j k l m n o p q r s t u v w x y z ab ac ae af ag ah ai aj ak\" dir=\"ltr\">Os Embaixadores 7 Dias com os Media s<\/span>\u00e3o convidados que se juntam \u00e0 edi\u00e7\u00e3o deste ano para apoiar a divulga\u00e7\u00e3o da opera\u00e7\u00e3o, dos seus objetivos e para ajudar a explorar, entre outras, a tem\u00e1tica que o GILM decidiu destacar, ou seja, &#8221; IA, eu penso! &#8211; Intelig\u00eancia Artificial e Pensamento Cr\u00edtico&#8221;.<\/p>\t\t\t\t\t\t\t\t<\/div>\n\t\t\t\t<\/div>\n\t\t\t\t\t<\/div>\n\t\t\t\t<\/div>\n\t\t\t\t<\/div>\n\t\t","protected":false},"excerpt":{"rendered":"<p>#7diascomosmedia #7diascomosmedia2025 #gilm https:\/\/youtu.be\/T0WBIqFVq_c &#8220;7 DIAS COM OS MEDIA\u201d \u00e9 uma opera\u00e7\u00e3o nacional anual que pretende sensibilizar para o papel e lugar que os media ocupam no quotidiano dos indiv\u00edduos e das sociedades.Todos os interessados em participar ter\u00e3o de desenvolver uma iniciativa, individual ou em grupo, que se relacione com o universo dos media; pode [&hellip;]<\/p>\n","protected":false},"author":2,"featured_media":0,"parent":0,"menu_order":0,"comment_status":"closed","ping_status":"closed","template":"","meta":{"om_disable_all_campaigns":false,"site-sidebar-layout":"no-sidebar","site-content-layout":"page-builder","ast-site-content-layout":"default","site-content-style":"default","site-sidebar-style":"default","ast-global-header-display":"","ast-banner-title-visibility":"","ast-main-header-display":"","ast-hfb-above-header-display":"","ast-hfb-below-header-display":"","ast-hfb-mobile-header-display":"","site-post-title":"disabled","ast-breadcrumbs-content":"","ast-featured-img":"disabled","footer-sml-layout":"","ast-disable-related-posts":"","theme-transparent-header-meta":"enabled","adv-header-id-meta":"","stick-header-meta":"","header-above-stick-meta":"","header-main-stick-meta":"","header-below-stick-meta":"","astra-migrate-meta-layouts":"default","ast-page-background-enabled":"default","ast-page-background-meta":{"desktop":{"background-color":"var(--ast-global-color-4)","background-image":"","background-repeat":"repeat","background-position":"center center","background-size":"auto","background-attachment":"scroll","background-type":"","background-media":"","overlay-type":"","overlay-color":"","overlay-opacity":"","overlay-gradient":""},"tablet":{"background-color":"","background-image":"","background-repeat":"repeat","background-position":"center center","background-size":"auto","background-attachment":"scroll","background-type":"","background-media":"","overlay-type":"","overlay-color":"","overlay-opacity":"","overlay-gradient":""},"mobile":{"background-color":"","background-image":"","background-repeat":"repeat","background-position":"center center","background-size":"auto","background-attachment":"scroll","background-type":"","background-media":"","overlay-type":"","overlay-color":"","overlay-opacity":"","overlay-gradient":""}},"ast-content-background-meta":{"desktop":{"background-color":"var(--ast-global-color-5)","background-image":"","background-repeat":"repeat","background-position":"center center","background-size":"auto","background-attachment":"scroll","background-type":"","background-media":"","overlay-type":"","overlay-color":"","overlay-opacity":"","overlay-gradient":""},"tablet":{"background-color":"var(--ast-global-color-5)","background-image":"","background-repeat":"repeat","background-position":"center center","background-size":"auto","background-attachment":"scroll","background-type":"","background-media":"","overlay-type":"","overlay-color":"","overlay-opacity":"","overlay-gradient":""},"mobile":{"background-color":"var(--ast-global-color-5)","background-image":"","background-repeat":"repeat","background-position":"center center","background-size":"auto","background-attachment":"scroll","background-type":"","background-media":"","overlay-type":"","overlay-color":"","overlay-opacity":"","overlay-gradient":""}},"footnotes":""},"class_list":["post-3104","page","type-page","status-publish","hentry"],"_links":{"self":[{"href":"https:\/\/www.gilm.pt\/7diascomosmedia\/wp-json\/wp\/v2\/pages\/3104","targetHints":{"allow":["GET"]}}],"collection":[{"href":"https:\/\/www.gilm.pt\/7diascomosmedia\/wp-json\/wp\/v2\/pages"}],"about":[{"href":"https:\/\/www.gilm.pt\/7diascomosmedia\/wp-json\/wp\/v2\/types\/page"}],"author":[{"embeddable":true,"href":"https:\/\/www.gilm.pt\/7diascomosmedia\/wp-json\/wp\/v2\/users\/2"}],"replies":[{"embeddable":true,"href":"https:\/\/www.gilm.pt\/7diascomosmedia\/wp-json\/wp\/v2\/comments?post=3104"}],"version-history":[{"count":5,"href":"https:\/\/www.gilm.pt\/7diascomosmedia\/wp-json\/wp\/v2\/pages\/3104\/revisions"}],"predecessor-version":[{"id":4075,"href":"https:\/\/www.gilm.pt\/7diascomosmedia\/wp-json\/wp\/v2\/pages\/3104\/revisions\/4075"}],"wp:attachment":[{"href":"https:\/\/www.gilm.pt\/7diascomosmedia\/wp-json\/wp\/v2\/media?parent=3104"}],"curies":[{"name":"wp","href":"https:\/\/api.w.org\/{rel}","templated":true}]}}